{"id":285,"date":"2022-03-18T10:50:54","date_gmt":"2022-03-18T09:50:54","guid":{"rendered":"http:\/\/dev.wp-samaritain.io\/ares\/?page_id=200"},"modified":"2022-10-18T14:36:15","modified_gmt":"2022-10-18T12:36:15","slug":"nos-produits","status":"publish","type":"page","link":"https:\/\/www.cloture-ares.fr\/pro\/nos-produits\/","title":{"rendered":"Nos produits"},"content":{"rendered":"\n<div class=\"wp-block-cover  bandeau container\" style=\"min-height:50rem;aspect-ratio:unset;\"><span aria-hidden=\"true\" class=\"has-background-dim-0 wp-block-cover__gradient-background has-background-dim\"><\/span><img decoding=\"async\" class=\"wp-block-cover__image-background wp-image-1021\" alt=\"\" src=\"https:\/\/www.cloture-ares.fr\/agences\/wp-content\/uploads\/2022\/04\/01_siteagence_nosproduits_header2.jpg\" data-object-fit=\"cover\"\/><div class=\"wp-block-cover__inner-container is-layout-flow wp-block-cover-is-layout-flow\">\n<div class=\"wp-block-group has-background\" style=\"background-color:#95c01f\"><div class=\"wp-block-group__inner-container is-layout-flow wp-block-group-is-layout-flow\">\n<p class=\"has-text-align-left has-white-color has-text-color\" style=\"font-size:30px\"><strong>Une large gamme de produits<\/strong><\/p>\n\n\n\n<div style=\"height:20px\" aria-hidden=\"true\" class=\"wp-block-spacer\"><\/div>\n\n\n\n<ul class=\"has-white-color has-text-color wp-block-list\"><li>Qualit\u00e9 sup\u00e9rieure<\/li><li>Facilit\u00e9 d\u2019installation<\/li><li>R\u00e9sistance \u00e9lev\u00e9e<\/li><\/ul>\n<\/div><\/div>\n<\/div><\/div>\n\n\n\n<div style=\"height:5vw\" aria-hidden=\"true\" class=\"wp-block-spacer\"><\/div>\n\n\n\n<section class=\"wp-block-group container\"><div class=\"wp-block-group__inner-container is-layout-flow wp-block-group-is-layout-flow\">\n<div class=\"wp-block-columns is-layout-flex wp-container-core-columns-is-layout-9d6595d7 wp-block-columns-is-layout-flex\">\n<div class=\"wp-block-column is-layout-flow wp-block-column-is-layout-flow\">\n<div class=\"wp-block-media-text alignwide is-stacked-on-mobile titre-icone orange\"><figure class=\"wp-block-media-text__media\"><img decoding=\"async\" src=\"https:\/\/www.cloture-ares.fr\/agences\/wp-content\/uploads\/2022\/05\/clotureares-site-pictos_clo\u0302turerigide_orangeplein.png\" alt=\"\" class=\"wp-image-1193 size-full\"\/><\/figure><div class=\"wp-block-media-text__content\">\n<h2 class=\"wp-block-heading\">Notre gamme<br><strong>DE CL\u00d4TURES RIGIDES<\/strong><\/h2>\n<\/div><\/div>\n\n\n\n<p>Notre gamme de cl\u00f4tures rigides comprend diff\u00e9rents mod\u00e8les \u00e0 plis ou double fil, disponibles en diff\u00e9rents diam\u00e8tres de fils, pour diff\u00e9rentes applications : habitations, entreprise, lieux publics, sites sensibles, etc.<\/p>\n\n\n\n<p>Vos clients pourront choisir parmi nos 10 couleurs et nos nombreuses hauteurs, de 65 cm \u00e0 245 cm. Nous vous proposons \u00e9galement des lames occultantes bois, PVC et composite pour compl\u00e9ter cos cl\u00f4tures rigides.<\/p>\n\n\n\n<div style=\"height:25px\" aria-hidden=\"true\" class=\"wp-block-spacer is-on-mobile\"><\/div>\n\n\n\n<div class=\"wp-block-columns is-layout-flex wp-container-core-columns-is-layout-9d6595d7 wp-block-columns-is-layout-flex\">\n<div class=\"wp-block-column is-layout-flow wp-block-column-is-layout-flow\">\n<div class=\"wp-block-media-text alignwide is-stacked-on-mobile texte-icone orange\"><figure class=\"wp-block-media-text__media\"><img decoding=\"async\" src=\"https:\/\/www.cloture-ares.fr\/agences\/wp-content\/uploads\/2022\/05\/clotureares-site-pictos_Fabrique_en_Europe_orange.png\" alt=\"\" class=\"wp-image-1209 size-full\"\/><\/figure><div class=\"wp-block-media-text__content\">\n<p><strong>Fabrication<\/strong> <strong>europ\u00e9enne<\/strong><\/p>\n<\/div><\/div>\n\n\n\n<div class=\"wp-block-media-text alignwide is-stacked-on-mobile texte-icone orange\"><figure class=\"wp-block-media-text__media\"><img decoding=\"async\" src=\"https:\/\/www.cloture-ares.fr\/agences\/wp-content\/uploads\/2022\/05\/clotureares-site-pictos_Resistance_orange.png\" alt=\"\" class=\"wp-image-1199 size-full\"\/><\/figure><div class=\"wp-block-media-text__content\">\n<p><strong>R\u00e9sistance \u00e9lev\u00e9e<\/strong><\/p>\n<\/div><\/div>\n<\/div>\n\n\n\n<div class=\"wp-block-column is-layout-flow wp-block-column-is-layout-flow\">\n<div class=\"wp-block-media-text alignwide is-stacked-on-mobile texte-icone orange\"><figure class=\"wp-block-media-text__media\"><img decoding=\"async\" src=\"https:\/\/www.cloture-ares.fr\/agences\/wp-content\/uploads\/2022\/05\/clotureares-site-pictos_Garantie_10_ans_orange.png\" alt=\"\" class=\"wp-image-1200 size-full\"\/><\/figure><div class=\"wp-block-media-text__content\">\n<p><strong>Garantie<\/strong><br><strong>10 ans<\/strong><\/p>\n<\/div><\/div>\n\n\n\n<div class=\"wp-block-media-text alignwide is-stacked-on-mobile texte-icone orange\"><figure class=\"wp-block-media-text__media\"><img decoding=\"async\" src=\"https:\/\/www.cloture-ares.fr\/agences\/wp-content\/uploads\/2022\/05\/clotureares-site-pictos_Facile_orange.png\" alt=\"\" class=\"wp-image-1201 size-full\"\/><\/figure><div class=\"wp-block-media-text__content\">\n<p><strong>Installation facile<\/strong><\/p>\n<\/div><\/div>\n<\/div>\n<\/div>\n<\/div>\n\n\n\n<div class=\"wp-block-column img-texte is-layout-flow wp-block-column-is-layout-flow\">\n<figure class=\"wp-block-image size-large radius-img\"><img decoding=\"async\" src=\"https:\/\/www.cloture-ares.fr\/agences\/wp-content\/uploads\/2022\/04\/02_siteagence_nosproduits_cloturerigide.jpg\" alt=\"\"\/><\/figure>\n<\/div>\n<\/div>\n<\/div><\/section>\n\n\n\n<section class=\"wp-block-group section-clotures-agricole\"><div class=\"wp-block-group__inner-container is-layout-flow wp-block-group-is-layout-flow\">\n<div class=\"wp-block-media-text alignwide is-stacked-on-mobile titre-icone orange\"><figure class=\"wp-block-media-text__media\"><img decoding=\"async\" src=\"https:\/\/www.cloture-ares.fr\/agences\/wp-content\/uploads\/2022\/05\/clotureares-site-pictos_enclos_orangeplein.png\" alt=\"\" class=\"wp-image-1204 size-full\"\/><\/figure><div class=\"wp-block-media-text__content\">\n<h2 class=\"wp-block-heading\">Notre gamme <br><strong>DE CL\u00d4TURES AGRICOLE<\/strong><\/h2>\n<\/div><\/div>\n\n\n\n<div class=\"wp-block-columns container is-layout-flex wp-container-core-columns-is-layout-9d6595d7 wp-block-columns-is-layout-flex\">\n<div class=\"wp-block-column first-container is-layout-flow wp-block-column-is-layout-flow\" style=\"flex-basis:40%\">\n<p>Nous proposons une large gamme de cl\u00f4ture agricole permettant de r\u00e9pondre \u00e0 de nombreux besoin : parquer des animaux, prot\u00e9ger des parcelles cultiv\u00e9es, cl\u00f4turer des grands espaces, prot\u00e9ger des nuisibles, etc.<\/p>\n\n\n\n<p>Nos grillages agricoles sont disponibles en plusieurs hauteurs, jusqu\u2019\u00e0 2 m, et plusieurs diam\u00e8tres de fils jusqu\u2019\u00e0 4 mm de diam\u00e8tre.<\/p>\n\n\n\n<p><\/p>\n<\/div>\n\n\n\n<div class=\"wp-block-column is-layout-flow wp-block-column-is-layout-flow\" style=\"flex-basis:20%\">\n<figure class=\"wp-block-image size-large radius-img\"><img decoding=\"async\" src=\"https:\/\/www.cloture-ares.fr\/agences\/wp-content\/uploads\/2022\/04\/03_siteagence_nosproduits_agricole.jpg\" alt=\"\"\/><\/figure>\n\n\n\n<div style=\"height:25px\" aria-hidden=\"true\" class=\"wp-block-spacer is-mobile\"><\/div>\n<\/div>\n\n\n\n<div class=\"wp-block-column is-vertically-aligned-bottom is-layout-flow wp-block-column-is-layout-flow\" style=\"flex-basis:30%\">\n<div class=\"wp-block-media-text alignwide is-stacked-on-mobile texte-icone orange\"><figure class=\"wp-block-media-text__media\"><img decoding=\"async\" src=\"https:\/\/www.cloture-ares.fr\/agences\/wp-content\/uploads\/2022\/05\/clotureares-site-pictos_Fabrique_en_Europe_orange.png\" alt=\"\" class=\"wp-image-1209 size-full\"\/><\/figure><div class=\"wp-block-media-text__content\">\n<p><strong>Fabrication europ\u00e9enne<\/strong><\/p>\n<\/div><\/div>\n\n\n\n<div class=\"wp-block-media-text alignwide is-stacked-on-mobile texte-icone orange\"><figure class=\"wp-block-media-text__media\"><img decoding=\"async\" src=\"https:\/\/www.cloture-ares.fr\/agences\/wp-content\/uploads\/2022\/05\/clotureares-site-pictos_Resistance_orange.png\" alt=\"\" class=\"wp-image-1199 size-full\"\/><\/figure><div class=\"wp-block-media-text__content\">\n<p><strong>Robustesse<\/strong><\/p>\n<\/div><\/div>\n\n\n\n<div class=\"wp-block-media-text alignwide is-stacked-on-mobile texte-icone orange\"><figure class=\"wp-block-media-text__media\"><img decoding=\"async\" src=\"https:\/\/www.cloture-ares.fr\/agences\/wp-content\/uploads\/2022\/05\/clotureares-site-pictos_Grandslineaires_cloture_orange.png\" alt=\"\" class=\"wp-image-1210 size-full\"\/><\/figure><div class=\"wp-block-media-text__content\">\n<p><strong>Grands lin\u00e9aires<\/strong><\/p>\n<\/div><\/div>\n\n\n\n<div class=\"wp-block-media-text alignwide is-stacked-on-mobile texte-icone orange\"><figure class=\"wp-block-media-text__media\"><img decoding=\"async\" src=\"https:\/\/www.cloture-ares.fr\/agences\/wp-content\/uploads\/2022\/05\/clotureares-site-pictos_Facile_orange.png\" alt=\"\" class=\"wp-image-1201 size-full\"\/><\/figure><div class=\"wp-block-media-text__content\">\n<p><strong>Installation rapide<\/strong><\/p>\n<\/div><\/div>\n<\/div>\n<\/div>\n<\/div><\/section>\n\n\n\n<section class=\"wp-block-group container\"><div class=\"wp-block-group__inner-container is-layout-flow wp-block-group-is-layout-flow\">\n<div class=\"wp-block-media-text alignwide is-stacked-on-mobile titre-icone orange\"><figure class=\"wp-block-media-text__media\"><img decoding=\"async\" src=\"https:\/\/www.cloture-ares.fr\/agences\/wp-content\/uploads\/2022\/05\/clotureares-site-pictos_barreaudage_orangeplein.png\" alt=\"\" class=\"wp-image-1194 size-full\"\/><\/figure><div class=\"wp-block-media-text__content\">\n<h2 class=\"wp-block-heading\">Notre gamme<br><strong>DE BARREAUDAGES<\/strong><\/h2>\n<\/div><\/div>\n\n\n\n<div class=\"wp-block-columns is-layout-flex wp-container-core-columns-is-layout-9d6595d7 wp-block-columns-is-layout-flex\">\n<div class=\"wp-block-column encart-ombre padding--10 has-white-background-color has-background is-layout-flow wp-block-column-is-layout-flow\">\n<p>Avec nos barreaudages en aluminium thermolaqu\u00e9, vous proposez \u00e0 vos clients une solution esth\u00e9tique, s\u00e9curisante et durable. Choisissez parmi un large choix de mod\u00e8les de couleurs et de hauteurs !<\/p>\n\n\n\n<div style=\"height:50px\" aria-hidden=\"true\" class=\"wp-block-spacer is-on-mobile\"><\/div>\n\n\n\n<div class=\"wp-block-columns is-layout-flex wp-container-core-columns-is-layout-9d6595d7 wp-block-columns-is-layout-flex\">\n<div class=\"wp-block-column is-layout-flow wp-block-column-is-layout-flow\">\n<div class=\"wp-block-media-text alignwide is-stacked-on-mobile texte-icone orange\"><figure class=\"wp-block-media-text__media\"><img decoding=\"async\" src=\"https:\/\/www.cloture-ares.fr\/agences\/wp-content\/uploads\/2022\/05\/clotureares-site-pictos_Fabrique_en_Europe_orange.png\" alt=\"\" class=\"wp-image-1209 size-full\"\/><\/figure><div class=\"wp-block-media-text__content\">\n<p><strong>Fabrication <\/strong><br><strong>europ\u00e9enne<\/strong><\/p>\n<\/div><\/div>\n\n\n\n<div class=\"wp-block-media-text alignwide is-stacked-on-mobile texte-icone orange\"><figure class=\"wp-block-media-text__media\"><img decoding=\"async\" src=\"https:\/\/www.cloture-ares.fr\/agences\/wp-content\/uploads\/2022\/05\/clotureares-site-pictos_Resistance_orange.png\" alt=\"\" class=\"wp-image-1199 size-full\"\/><\/figure><div class=\"wp-block-media-text__content\">\n<p><strong>R\u00e9sistance<\/strong><\/p>\n<\/div><\/div>\n<\/div>\n\n\n\n<div class=\"wp-block-column is-layout-flow wp-block-column-is-layout-flow\">\n<div class=\"wp-block-media-text alignwide is-stacked-on-mobile texte-icone orange\"><figure class=\"wp-block-media-text__media\"><img decoding=\"async\" src=\"https:\/\/www.cloture-ares.fr\/agences\/wp-content\/uploads\/2022\/05\/clotureares-site-pictos_Garantie_10_ans_orange.png\" alt=\"\" class=\"wp-image-1200 size-full\"\/><\/figure><div class=\"wp-block-media-text__content\">\n<p><strong>Garantie<\/strong><br><strong>10 ans<\/strong><\/p>\n<\/div><\/div>\n\n\n\n<div class=\"wp-block-media-text alignwide is-stacked-on-mobile texte-icone orange\"><figure class=\"wp-block-media-text__media\"><img loading=\"lazy\" decoding=\"async\" width=\"154\" height=\"154\" src=\"https:\/\/www.cloture-ares.fr\/pro\/wp-content\/uploads\/2022\/05\/clotureares-site-pictos_Entretien_orange.png\" alt=\"\" class=\"wp-image-1118 size-full\" srcset=\"https:\/\/www.cloture-ares.fr\/pro\/wp-content\/uploads\/2022\/05\/clotureares-site-pictos_Entretien_orange.png 154w, https:\/\/www.cloture-ares.fr\/pro\/wp-content\/uploads\/2022\/05\/clotureares-site-pictos_Entretien_orange-150x150.png 150w\" sizes=\"auto, (max-width: 154px) 100vw, 154px\" \/><\/figure><div class=\"wp-block-media-text__content\">\n<p><strong>Entretien minimal<\/strong><\/p>\n<\/div><\/div>\n<\/div>\n<\/div>\n<\/div>\n\n\n\n<div class=\"wp-block-column is-layout-flow wp-block-column-is-layout-flow\">\n<figure class=\"wp-block-image size-full radius-img\"><img decoding=\"async\" src=\"https:\/\/www.cloture-ares.fr\/agences\/wp-content\/uploads\/2022\/05\/04_siteagence_nosproduits_barreaudage3.jpg\" alt=\"\" class=\"wp-image-1211\"\/><\/figure>\n<\/div>\n<\/div>\n<\/div><\/section>\n\n\n\n<section class=\"wp-block-group section-portails\"><div class=\"wp-block-group__inner-container is-layout-flow wp-block-group-is-layout-flow\">\n<div class=\"wp-block-media-text alignwide is-stacked-on-mobile titre-icone bleu\"><figure class=\"wp-block-media-text__media\"><img decoding=\"async\" src=\"https:\/\/www.cloture-ares.fr\/agences\/wp-content\/uploads\/2022\/05\/clotureares-site-pictos_portail_bleuplein.png\" alt=\"\" class=\"wp-image-1196 size-full\"\/><\/figure><div class=\"wp-block-media-text__content\">\n<h2 class=\"wp-block-heading\">Notre gamme de<br><strong>PORTAILS ET PORTILLONS HABITAT<\/strong><\/h2>\n<\/div><\/div>\n\n\n\n<p class=\"has-text-align-left\">Finalisez les projets de cl\u00f4ture de vos clients avec des portails et portillons en aluminium haut de gamme au bon rapport qualit\u00e9-prix. Vos clients pourront choisir parmi un tr\u00e8s large choix de mod\u00e8les et de couleurs, ou m\u00eame personnaliser leur portail pour un rendu unique.<\/p>\n\n\n\n<figure class=\"wp-block-image size-large\"><img decoding=\"async\" src=\"https:\/\/www.cloture-ares.fr\/agences\/wp-content\/uploads\/2022\/04\/05_siteagence_nosproduits_portailportillonhabitat.jpg\" alt=\"\"\/><\/figure>\n\n\n\n<div class=\"wp-block-columns small-container is-layout-flex wp-container-core-columns-is-layout-9d6595d7 wp-block-columns-is-layout-flex\">\n<div class=\"wp-block-column is-layout-flow wp-block-column-is-layout-flow\">\n<div class=\"wp-block-media-text alignwide is-stacked-on-mobile texte-icone  bleu\"><figure class=\"wp-block-media-text__media\"><img decoding=\"async\" src=\"https:\/\/www.cloture-ares.fr\/agences\/wp-content\/uploads\/2022\/05\/clotureares-site-pictos_Facile_bleu.png\" alt=\"\" class=\"wp-image-1216 size-full\"\/><\/figure><div class=\"wp-block-media-text__content\">\n<p><strong>Livr\u00e9s pr\u00eats <\/strong><br><strong>\u00e0 poser<\/strong><\/p>\n<\/div><\/div>\n<\/div>\n\n\n\n<div class=\"wp-block-column is-layout-flow wp-block-column-is-layout-flow\">\n<div class=\"wp-block-media-text alignwide is-stacked-on-mobile texte-icone  bleu\"><figure class=\"wp-block-media-text__media\"><img decoding=\"async\" src=\"https:\/\/www.cloture-ares.fr\/agences\/wp-content\/uploads\/2022\/05\/clotureares-site-pictos_Garantie_10_ans_bleu.png\" alt=\"\" class=\"wp-image-1218 size-full\"\/><\/figure><div class=\"wp-block-media-text__content\">\n<p><strong>&nbsp;Garantie 10 ans<\/strong><\/p>\n<\/div><\/div>\n<\/div>\n\n\n\n<div class=\"wp-block-column is-layout-flow wp-block-column-is-layout-flow\">\n<div class=\"wp-block-media-text alignwide is-stacked-on-mobile texte-icone  bleu\"><figure class=\"wp-block-media-text__media\"><img decoding=\"async\" src=\"https:\/\/www.cloture-ares.fr\/agences\/wp-content\/uploads\/2022\/05\/clotureares-site-pictos_Entretien_bleu.png\" alt=\"\" class=\"wp-image-1217 size-full\"\/><\/figure><div class=\"wp-block-media-text__content\">\n<p><strong>Aucun entretien<\/strong><\/p>\n<\/div><\/div>\n<\/div>\n<\/div>\n<\/div><\/section>\n\n\n\n<div style=\"height:50px\" aria-hidden=\"true\" class=\"wp-block-spacer\"><\/div>\n\n\n\n<section class=\"wp-block-group container\"><div class=\"wp-block-group__inner-container is-layout-flow wp-block-group-is-layout-flow\">\n<div class=\"wp-block-columns is-layout-flex wp-container-core-columns-is-layout-9d6595d7 wp-block-columns-is-layout-flex\">\n<div class=\"wp-block-column is-layout-flow wp-block-column-is-layout-flow\">\n<div class=\"wp-block-media-text alignwide is-stacked-on-mobile titre-icone  bleu\"><figure class=\"wp-block-media-text__media\"><img decoding=\"async\" src=\"https:\/\/www.cloture-ares.fr\/agences\/wp-content\/uploads\/2022\/05\/clotureares-site-pictos_portailjardin_bleuplein.png\" alt=\"\" class=\"wp-image-1197 size-full\"\/><\/figure><div class=\"wp-block-media-text__content\">\n<h2 class=\"wp-block-heading\">Notre gamme<br><strong>DE PORTAILS <\/strong><br><strong>JARDIN<\/strong><\/h2>\n<\/div><\/div>\n\n\n\n<div class=\"wp-block-columns is-layout-flex wp-container-core-columns-is-layout-9d6595d7 wp-block-columns-is-layout-flex\">\n<div class=\"wp-block-column encart-ombre paddingSmall is-layout-flow wp-block-column-is-layout-flow\">\n<p>Pour les particuliers, les professionnels, les collectivit\u00e9s, etc, nous avons s\u00e9lectionn\u00e9 une gamme de portails jardin esth\u00e9tiques et durables. Nos portails jardin sont disponibles en 10 coloris et en diff\u00e9rentes largeurs et hauteurs.<\/p>\n\n\n\n<div style=\"height:25px\" aria-hidden=\"true\" class=\"wp-block-spacer is-on-mobile\"><\/div>\n\n\n\n<div style=\"height:50px\" aria-hidden=\"true\" class=\"wp-block-spacer\"><\/div>\n\n\n\n<div class=\"wp-block-media-text alignwide is-stacked-on-mobile texte-icone  bleu\"><figure class=\"wp-block-media-text__media\"><img decoding=\"async\" src=\"https:\/\/www.cloture-ares.fr\/agences\/wp-content\/uploads\/2022\/05\/clotureares-site-pictos_Facile_bleu.png\" alt=\"\" class=\"wp-image-1216 size-full\"\/><\/figure><div class=\"wp-block-media-text__content\">\n<p><strong>Livr\u00e9s pr\u00eats <\/strong><br><strong>\u00e0 poser<\/strong><\/p>\n<\/div><\/div>\n\n\n\n<div style=\"height:25px\" aria-hidden=\"true\" class=\"wp-block-spacer\"><\/div>\n\n\n\n<div class=\"wp-block-media-text alignwide is-stacked-on-mobile texte-icone  bleu\"><figure class=\"wp-block-media-text__media\"><img decoding=\"async\" src=\"https:\/\/www.cloture-ares.fr\/agences\/wp-content\/uploads\/2022\/05\/clotureares-site-pictos_Garantie_10_ans_bleu.png\" alt=\"\" class=\"wp-image-1218 size-full\"\/><\/figure><div class=\"wp-block-media-text__content\">\n<p><strong>Garantie 10 ans<\/strong><\/p>\n<\/div><\/div>\n\n\n\n<div style=\"height:25px\" aria-hidden=\"true\" class=\"wp-block-spacer\"><\/div>\n\n\n\n<div class=\"wp-block-media-text alignwide is-stacked-on-mobile texte-icone  bleu\"><figure class=\"wp-block-media-text__media\"><img decoding=\"async\" src=\"https:\/\/www.cloture-ares.fr\/agences\/wp-content\/uploads\/2022\/05\/clotureares-site-pictos_Entretien_bleu.png\" alt=\"\" class=\"wp-image-1217 size-full\"\/><\/figure><div class=\"wp-block-media-text__content\">\n<p><strong>Aucun entretien<\/strong><\/p>\n<\/div><\/div>\n<\/div>\n\n\n\n<div class=\"wp-block-column is-layout-flow wp-block-column-is-layout-flow\">\n<figure class=\"wp-block-image size-large radius-img\"><img decoding=\"async\" src=\"https:\/\/www.cloture-ares.fr\/agences\/wp-content\/uploads\/2022\/04\/06_siteagence_nosproduits_portailjardin.jpg\" alt=\"\"\/><\/figure>\n<\/div>\n<\/div>\n<\/div>\n\n\n\n<div class=\"wp-block-column is-layout-flow wp-block-column-is-layout-flow\">\n<div class=\"wp-block-media-text alignwide is-stacked-on-mobile titre-icone  bleu\"><figure class=\"wp-block-media-text__media\"><img decoding=\"async\" src=\"https:\/\/www.cloture-ares.fr\/agences\/wp-content\/uploads\/2022\/05\/clotureares-site-pictos_portillonjardin_bleuplein.png\" alt=\"\" class=\"wp-image-1198 size-full\"\/><\/figure><div class=\"wp-block-media-text__content\">\n<h2 class=\"wp-block-heading\">Notre gamme <br><strong>DE PORTILLONS <\/strong><br> <strong>JARDIN<\/strong><\/h2>\n<\/div><\/div>\n\n\n\n<div class=\"wp-block-columns is-layout-flex wp-container-core-columns-is-layout-9d6595d7 wp-block-columns-is-layout-flex\">\n<div class=\"wp-block-column encart-ombre paddingSmall is-layout-flow wp-block-column-is-layout-flow\">\n<p>Nous proposons \u00e9galement pour vos clients des portillons \u00e0 assortir aux cl\u00f4ture. Choisissez parmi nos diff\u00e9rents mod\u00e8les de portillons grillag\u00e9s et barreaud\u00e9s, disponibles en 10 coloris et des hauteurs jusqu\u2019\u00e0 2 m.\u00a0<\/p>\n\n\n\n<div style=\"height:50px\" aria-hidden=\"true\" class=\"wp-block-spacer is-on-mobile\"><\/div>\n\n\n\n<div style=\"height:50px\" aria-hidden=\"true\" class=\"wp-block-spacer\"><\/div>\n\n\n\n<div class=\"wp-block-media-text alignwide is-stacked-on-mobile texte-icone  bleu\"><figure class=\"wp-block-media-text__media\"><img decoding=\"async\" src=\"https:\/\/www.cloture-ares.fr\/agences\/wp-content\/uploads\/2022\/05\/clotureares-site-pictos_Facile_bleu.png\" alt=\"\" class=\"wp-image-1216 size-full\"\/><\/figure><div class=\"wp-block-media-text__content\">\n<p><strong>Livr\u00e9s pr\u00eats <\/strong><br><strong>\u00e0 poser<\/strong><\/p>\n<\/div><\/div>\n\n\n\n<div style=\"height:25px\" aria-hidden=\"true\" class=\"wp-block-spacer\"><\/div>\n\n\n\n<div class=\"wp-block-media-text alignwide is-stacked-on-mobile texte-icone  bleu\"><figure class=\"wp-block-media-text__media\"><img decoding=\"async\" src=\"https:\/\/www.cloture-ares.fr\/agences\/wp-content\/uploads\/2022\/05\/clotureares-site-pictos_Garantie_10_ans_bleu.png\" alt=\"\" class=\"wp-image-1218 size-full\"\/><\/figure><div class=\"wp-block-media-text__content\">\n<p><strong><strong>Garantie 10 ans<\/strong><\/strong><\/p>\n<\/div><\/div>\n\n\n\n<div style=\"height:25px\" aria-hidden=\"true\" class=\"wp-block-spacer\"><\/div>\n\n\n\n<div class=\"wp-block-media-text alignwide is-stacked-on-mobile texte-icone  bleu\"><figure class=\"wp-block-media-text__media\"><img decoding=\"async\" src=\"https:\/\/www.cloture-ares.fr\/agences\/wp-content\/uploads\/2022\/05\/clotureares-site-pictos_Entretien_bleu.png\" alt=\"\" class=\"wp-image-1217 size-full\"\/><\/figure><div class=\"wp-block-media-text__content\">\n<p><strong>Aucun entretien<\/strong><\/p>\n<\/div><\/div>\n<\/div>\n\n\n\n<div class=\"wp-block-column is-layout-flow wp-block-column-is-layout-flow\">\n<figure class=\"wp-block-image size-large radius-img\"><img decoding=\"async\" src=\"https:\/\/www.cloture-ares.fr\/agences\/wp-content\/uploads\/2022\/04\/06_siteagence_nosproduits_portillonjardin.jpg\" alt=\"\"\/><\/figure>\n<\/div>\n<\/div>\n<\/div>\n<\/div>\n<\/div><\/section>\n\n\n\n<div class=\"wp-block-group\"><div class=\"wp-block-group__inner-container is-layout-flow wp-block-group-is-layout-flow\">\n<div class=\"wp-block-buttons is-content-justification-center is-layout-flex wp-container-core-buttons-is-layout-16018d1d wp-block-buttons-is-layout-flex\">\n<div class=\"wp-block-button is-style-outline large-button is-style-outline--1\"><a class=\"wp-block-button__link\" href=\"https:\/\/www.cloture-ares.fr\/pro\/devis-gratuit\/\">Demandez votre devis gratuit<\/a><\/div>\n<\/div>\n<\/div><\/div>\n","protected":false},"excerpt":{"rendered":"<p>Notre gammeDE CL\u00d4TURES RIGIDES Notre gamme de cl\u00f4tures rigides comprend diff\u00e9rents mod\u00e8les \u00e0 plis ou double fil, disponibles en diff\u00e9rents diam\u00e8tres de fils, pour diff\u00e9rentes applications : habitations, entreprise, lieux publics, sites sensibles, etc. Vos clients pourront choisir parmi nos 10 couleurs et nos nombreuses hauteurs, de 65 cm \u00e0 245 cm. Nous vous proposons [&hellip;]<\/p>\n","protected":false},"author":7,"featured_media":0,"parent":0,"menu_order":0,"comment_status":"closed","ping_status":"closed","template":"","meta":{"footnotes":""},"class_list":["post-285","page","type-page","status-publish","hentry"],"acf":[],"_links":{"self":[{"href":"https:\/\/www.cloture-ares.fr\/pro\/wp-json\/wp\/v2\/pages\/285","targetHints":{"allow":["GET"]}}],"collection":[{"href":"https:\/\/www.cloture-ares.fr\/pro\/wp-json\/wp\/v2\/pages"}],"about":[{"href":"https:\/\/www.cloture-ares.fr\/pro\/wp-json\/wp\/v2\/types\/page"}],"author":[{"embeddable":true,"href":"https:\/\/www.cloture-ares.fr\/pro\/wp-json\/wp\/v2\/users\/7"}],"replies":[{"embeddable":true,"href":"https:\/\/www.cloture-ares.fr\/pro\/wp-json\/wp\/v2\/comments?post=285"}],"version-history":[{"count":11,"href":"https:\/\/www.cloture-ares.fr\/pro\/wp-json\/wp\/v2\/pages\/285\/revisions"}],"predecessor-version":[{"id":1124,"href":"https:\/\/www.cloture-ares.fr\/pro\/wp-json\/wp\/v2\/pages\/285\/revisions\/1124"}],"wp:attachment":[{"href":"https:\/\/www.cloture-ares.fr\/pro\/wp-json\/wp\/v2\/media?parent=285"}],"curies":[{"name":"wp","href":"https:\/\/api.w.org\/{rel}","templated":true}]}}